{"id":431,"date":"2023-02-13T16:59:43","date_gmt":"2023-02-13T16:59:43","guid":{"rendered":"https:\/\/srm.solidar.org\/?page_id=431"},"modified":"2024-08-08T13:55:49","modified_gmt":"2024-08-08T13:55:49","slug":"just-transition-page","status":"publish","type":"page","link":"https:\/\/srm.solidar.org\/fr\/just-transition-page\/","title":{"rendered":"Transition verte socialement juste"},"content":{"rendered":"<h2 class=\"wp-block-heading\">Transition verte socialement juste<\/h2>\n\n\n\n<div class=\"wp-block-columns is-layout-flex wp-container-core-columns-is-layout-9d6595d7 wp-block-columns-is-layout-flex\">\n<div class=\"wp-block-column is-layout-flow wp-block-column-is-layout-flow\">\n<p>Les personnes en situation de vuln\u00e9rabilit\u00e9 \u2013 en raison de facteurs tels que le statut socio-\u00e9conomique, la g\u00e9ographie, l\u2019\u00e2ge et le sexe \u2013 sont relativement plus expos\u00e9es aux impacts du changement climatique et de la d\u00e9gradation de l\u2019environnement. Dans le m\u00eame temps, les in\u00e9galit\u00e9s socio-\u00e9conomiques comptent parmi les causes profondes de la crise climatique : les segments les plus riches de la population polluent bien plus que les plus pauvres, par exemple.<\/p>\n\n\n\n<p>Par cons\u00e9quent, la transition \u00e9cologique doit aborder simultan\u00e9ment les questions environnementales, \u00e9conomiques et sociales. Chez SOLIDAR, nous d\u00e9finissons une \"transition verte socialement juste\" comme pla\u00e7ant les personnes et la justice sociale au c\u0153ur des politiques climatiques et environnementales. L'Observatoire des droits sociaux vise \u00e0 \u00e9valuer dans quelle mesure les mesures nationales visant \u00e0 mettre en \u0153uvre la transition \u00e9cologique favorisent \u00e9galement la justice sociale, l'\u00e9galit\u00e9 et l'inclusion.<\/p>\n\n\n\n<p>.<\/p>\n<\/div>\n\n\n\n<div class=\"wp-block-column is-layout-flow wp-block-column-is-layout-flow\">\n<p>La transition \u00e9cologique comporte diverses dimensions sociales. Cependant, pour le Social Rights Monitor, nous avons d\u00e9cid\u00e9 de nous concentrer sur les quatre domaines suivants, car leurs liens avec les droits sociaux sont clairs :<\/p>\n\n\n\n<ul class=\"wp-block-list\">\n<li>Qualit\u00e9 des emplois dans la transition verte<\/li>\n\n\n\n<li>Acc\u00e8s \u00e0 l\u2019\u00e9nergie et pr\u00e9carit\u00e9 \u00e9nerg\u00e9tique<\/li>\n\n\n\n<li>Acc\u00e8s \u00e0 la mobilit\u00e9 durable et pr\u00e9carit\u00e9 des transports<\/li>\n<\/ul>\n\n\n\n<p>Par qualit\u00e9 des emplois, nous entendons ce que l'OIT appelle \"des emplois d\u00e9cents qui contribuent \u00e0 pr\u00e9server ou \u00e0 restaurer l'environnement\". <\/p>\n<\/div>\n<\/div>","protected":false},"excerpt":{"rendered":"<p>Just Transition People in vulnerable situations \u2013 due to factors such as socio-economic status, geography, age and gender \u2013 are relatively more exposed to the impacts of climate change and environmental degradation. At the same time, socio-economic inequalities are among the root causes of the climate crisis: richer segments of the population pollute far more &hellip;<\/p>","protected":false},"author":2,"featured_media":0,"parent":0,"menu_order":0,"comment_status":"closed","ping_status":"closed","template":"","meta":{"_acf_changed":false,"footnotes":""},"class_list":["post-431","page","type-page","status-publish","hentry"],"acf":[],"_links":{"self":[{"href":"https:\/\/srm.solidar.org\/fr\/wp-json\/wp\/v2\/pages\/431","targetHints":{"allow":["GET"]}}],"collection":[{"href":"https:\/\/srm.solidar.org\/fr\/wp-json\/wp\/v2\/pages"}],"about":[{"href":"https:\/\/srm.solidar.org\/fr\/wp-json\/wp\/v2\/types\/page"}],"author":[{"embeddable":true,"href":"https:\/\/srm.solidar.org\/fr\/wp-json\/wp\/v2\/users\/2"}],"replies":[{"embeddable":true,"href":"https:\/\/srm.solidar.org\/fr\/wp-json\/wp\/v2\/comments?post=431"}],"version-history":[{"count":0,"href":"https:\/\/srm.solidar.org\/fr\/wp-json\/wp\/v2\/pages\/431\/revisions"}],"wp:attachment":[{"href":"https:\/\/srm.solidar.org\/fr\/wp-json\/wp\/v2\/media?parent=431"}],"curies":[{"name":"wp","href":"https:\/\/api.w.org\/{rel}","templated":true}]}}