{"id":427,"date":"2023-02-13T16:59:08","date_gmt":"2023-02-13T16:59:08","guid":{"rendered":"https:\/\/srm.solidar.org\/?page_id=427"},"modified":"2024-08-08T13:56:30","modified_gmt":"2024-08-08T13:56:30","slug":"social-protection-and-inclusion","status":"publish","type":"page","link":"https:\/\/srm.solidar.org\/sq\/social-protection-and-inclusion\/","title":{"rendered":"Mbrojtja dhe p\u00ebrfshirja sociale"},"content":{"rendered":"<h2 class=\"wp-block-heading\">Mbrojtja dhe p\u00ebrfshirja sociale<\/h2>\n\n\n\n<div class=\"wp-block-columns is-layout-flex wp-container-core-columns-is-layout-9d6595d7 wp-block-columns-is-layout-flex\">\n<div class=\"wp-block-column is-layout-flow wp-block-column-is-layout-flow\">\n<p>N\u00eb k\u00ebt\u00eb seksion tematik, Monitoruesi i t\u00eb Drejtave Sociale vler\u00ebson zbatimin e Kapitullit 3 t\u00eb Shtyll\u00ebs Evropiane t\u00eb t\u00eb Drejtave Sociale. Objektivi \u00ebsht\u00eb monitorimi dhe vler\u00ebsimi i masave t\u00eb mbrojtjes sociale t\u00eb vendosura n\u00eb nivel komb\u00ebtar dhe ndikimi i tyre n\u00eb p\u00ebrfshirjen sociale. N\u00eb ve\u00e7anti, SRM monitoron:<\/p>\n\n\n\n<ul class=\"wp-block-list\">\n<li>Qasja n\u00eb strehim<\/li>\n\n\n\n<li>Zhdukja e varf\u00ebris\u00eb<\/li>\n\n\n\n<li>Akses n\u00eb kujdesin sh\u00ebndet\u00ebsor<\/li>\n\n\n\n<li>Qasja n\u00eb kujdesin p\u00ebr f\u00ebmij\u00ebt<\/li>\n\n\n\n<li>Qasja n\u00eb sh\u00ebrbimet esenciale<\/li>\n<\/ul>\n\n\n\n<p><\/p>\n<\/div>\n\n\n\n<div class=\"wp-block-column is-layout-flow wp-block-column-is-layout-flow\">\n<p>Vler\u00ebsimi i masave p\u00ebr zhdukjen e varf\u00ebris\u00eb p\u00ebrfshin ndikimin e pagave minimale dhe t\u00eb ardhurave minimale. N\u00eb p\u00ebrkufizimin e aksesit n\u00eb sh\u00ebrbimet thelb\u00ebsore p\u00ebrfshijm\u00eb sh\u00ebrbimet sociale, t\u00eb cilat luajn\u00eb nj\u00eb rol ky\u00e7 n\u00eb sigurimin e drejt\u00ebsis\u00eb dhe kohezionit social.<\/p>\n<\/div>\n<\/div>","protected":false},"excerpt":{"rendered":"<p>Social protection and inclusion In this thematic section, the Social Rights Monitor assesses the implementation of Chapter 3 of the European Pillar of Social Rights. The objective is to monitor and assess social protection measures put in place at national level and their impact on social inclusion. In particular, the SRM monitors: The assessment of &hellip;<\/p>","protected":false},"author":2,"featured_media":0,"parent":0,"menu_order":0,"comment_status":"closed","ping_status":"closed","template":"","meta":{"_acf_changed":false,"footnotes":""},"class_list":["post-427","page","type-page","status-publish","hentry"],"acf":[],"_links":{"self":[{"href":"https:\/\/srm.solidar.org\/sq\/wp-json\/wp\/v2\/pages\/427","targetHints":{"allow":["GET"]}}],"collection":[{"href":"https:\/\/srm.solidar.org\/sq\/wp-json\/wp\/v2\/pages"}],"about":[{"href":"https:\/\/srm.solidar.org\/sq\/wp-json\/wp\/v2\/types\/page"}],"author":[{"embeddable":true,"href":"https:\/\/srm.solidar.org\/sq\/wp-json\/wp\/v2\/users\/2"}],"replies":[{"embeddable":true,"href":"https:\/\/srm.solidar.org\/sq\/wp-json\/wp\/v2\/comments?post=427"}],"version-history":[{"count":0,"href":"https:\/\/srm.solidar.org\/sq\/wp-json\/wp\/v2\/pages\/427\/revisions"}],"wp:attachment":[{"href":"https:\/\/srm.solidar.org\/sq\/wp-json\/wp\/v2\/media?parent=427"}],"curies":[{"name":"wp","href":"https:\/\/api.w.org\/{rel}","templated":true}]}}